{"id":65,"date":"2022-07-09T17:39:02","date_gmt":"2022-07-09T17:39:02","guid":{"rendered":"http:\/\/projetoconexaodevida.com\/?page_id=65"},"modified":"2022-07-20T12:35:48","modified_gmt":"2022-07-20T12:35:48","slug":"retiro-em-porto-portugal","status":"publish","type":"page","link":"https:\/\/projetoconexaodevida.com\/index.php\/retiro-em-porto-portugal\/","title":{"rendered":"Retiro em Porto\/Portugal"},"content":{"rendered":"<p>[et_pb_section fb_built=&#8221;1&#8243; custom_padding_last_edited=&#8221;on|phone&#8221; _builder_version=&#8221;4.17.2&#8243; _module_preset=&#8221;default&#8221; background_image=&#8221;https:\/\/projetoconexaodevida.com\/wp-content\/uploads\/2022\/04\/bg-topo.jpg&#8221; custom_padding=&#8221;0px||0px||false|false&#8221; custom_padding_tablet=&#8221;0px||||false|false&#8221; custom_padding_phone=&#8221;0px||0px||false|false&#8221; locked=&#8221;off&#8221; global_colors_info=&#8221;{}&#8221;][et_pb_row column_structure=&#8221;1_2,1_2&#8243; _builder_version=&#8221;4.17.1&#8243; _module_preset=&#8221;default&#8221; positioning=&#8221;none&#8221; z_index=&#8221;99999&#8243; width=&#8221;100%&#8221; max_width=&#8221;100%&#8221; custom_margin=&#8221;0px||||false|false&#8221; custom_padding=&#8221;6px|5%|10px|5%|false|true&#8221; sticky_position=&#8221;top&#8221; global_colors_info=&#8221;{}&#8221; background__sticky_enabled=&#8221;on|sticky&#8221; background_color__sticky=&#8221;#FFFFFF&#8221; background_enable_color__sticky=&#8221;on&#8221;][et_pb_column type=&#8221;1_2&#8243; _builder_version=&#8221;4.17.1&#8243; _module_preset=&#8221;default&#8221; global_colors_info=&#8221;{}&#8221;][et_pb_image src=&#8221;https:\/\/projetoconexaodevida.com\/wp-content\/uploads\/2022\/04\/fundo.png&#8221; url=&#8221;https:\/\/projetoconexaodevida.com\/&#8221; _builder_version=&#8221;4.17.4&#8243; _module_preset=&#8221;default&#8221; background_enable_color=&#8221;off&#8221; background_image=&#8221;https:\/\/projetoconexaodevida.com\/wp-content\/uploads\/2022\/04\/logotipo-2.png&#8221; positioning=&#8221;relative&#8221; width=&#8221;40%&#8221; width_tablet=&#8221;40%&#8221; width_phone=&#8221;74%&#8221; width_last_edited=&#8221;on|phone&#8221; custom_margin_tablet=&#8221;&#8221; custom_margin_phone=&#8221;5%||0px||false|false&#8221; custom_margin_last_edited=&#8221;on|phone&#8221; custom_padding_tablet=&#8221;&#8221; custom_padding_phone=&#8221;||0px||false|false&#8221; custom_padding_last_edited=&#8221;on|phone&#8221; sticky_position=&#8221;top&#8221; sticky_offset_top=&#8221;156px&#8221; sticky_limit_bottom=&#8221;body&#8221; sticky_offset_surrounding=&#8221;off&#8221; sticky_transition=&#8221;off&#8221; motion_trigger_start=&#8221;top&#8221; global_colors_info=&#8221;{}&#8221; positioning__sticky_enabled=&#8221;off|desktop&#8221; position_origin_a__sticky_enabled=&#8221;off|desktop&#8221; position_origin_f__sticky_enabled=&#8221;off|desktop&#8221; position_origin_r__sticky_enabled=&#8221;off|desktop&#8221; background__sticky_enabled=&#8221;on|sticky&#8221; background_enable_color__sticky=&#8221;off&#8221; background_image__sticky=&#8221;https:\/\/projetoconexaodevida.online\/wp-content\/uploads\/2022\/04\/logotipo-v2.png&#8221; background_enable_image__sticky=&#8221;on&#8221;][\/et_pb_image][\/et_pb_column][et_pb_column type=&#8221;1_2&#8243; _builder_version=&#8221;4.17.1&#8243; _module_preset=&#8221;default&#8221; global_colors_info=&#8221;{}&#8221;][et_pb_menu active_link_color=&#8221;#FFFFFF&#8221; dropdown_menu_line_color=&#8221;#000000&#8243; dropdown_menu_text_color=&#8221;#000000&#8243; dropdown_menu_active_link_color=&#8221;#000000&#8243; mobile_menu_bg_color=&#8221;#FFFFFF&#8221; mobile_menu_text_color=&#8221;#000000&#8243; cart_icon_color=&#8221;#FFFFFF&#8221; search_icon_color=&#8221;#FFFFFF&#8221; menu_icon_color=&#8221;#FFFFFF&#8221; _builder_version=&#8221;4.17.1&#8243; _module_preset=&#8221;default&#8221; menu_font=&#8221;Mulish||||||||&#8221; menu_text_color=&#8221;#FFFFFF&#8221; menu_font_size=&#8221;17px&#8221; background_enable_color=&#8221;off&#8221; z_index=&#8221;200&#8243; text_orientation=&#8221;right&#8221; custom_margin_tablet=&#8221;&#8221; custom_margin_phone=&#8221;-24%||||false|false&#8221; custom_margin_last_edited=&#8221;on|phone&#8221; custom_padding=&#8221;3%||||false|false&#8221; z_index_tablet=&#8221;200&#8243; z_index_phone=&#8221;200&#8243; z_index_last_edited=&#8221;on|phone&#8221; global_colors_info=&#8221;{}&#8221; background__sticky_enabled=&#8221;off|desktop&#8221; menu_text_color__sticky_enabled=&#8221;on|sticky&#8221; menu_text_color__sticky=&#8221;#000000&#8243; menu_icon_color__sticky_enabled=&#8221;on|sticky&#8221; menu_icon_color__sticky=&#8221;#000000&#8243;][\/et_pb_menu][\/et_pb_column][\/et_pb_row][\/et_pb_section][et_pb_section fb_built=&#8221;1&#8243; module_id=&#8221;imersao&#8221; _builder_version=&#8221;4.17.2&#8243; _module_preset=&#8221;default&#8221; background_image=&#8221;https:\/\/projetoconexaodevida.com\/wp-content\/uploads\/2022\/04\/bg-10.jpg&#8221; background_position=&#8221;top_left&#8221; custom_padding=&#8221;10%||10%||true|false&#8221; global_colors_info=&#8221;{}&#8221;][et_pb_row column_structure=&#8221;1_2,1_2&#8243; _builder_version=&#8221;4.17.2&#8243; _module_preset=&#8221;default&#8221; global_colors_info=&#8221;{}&#8221;][et_pb_column type=&#8221;1_2&#8243; _builder_version=&#8221;4.17.2&#8243; _module_preset=&#8221;default&#8221; global_colors_info=&#8221;{}&#8221;][et_pb_text _builder_version=&#8221;4.17.2&#8243; _module_preset=&#8221;default&#8221; text_font=&#8221;Mulish|900|||||||&#8221; text_text_color=&#8221;#0f0f0f&#8221; text_font_size=&#8221;42px&#8221; text_line_height=&#8221;1.2em&#8221; text_orientation=&#8221;center&#8221; custom_padding=&#8221;10%||||false|false&#8221; text_orientation_tablet=&#8221;&#8221; text_orientation_phone=&#8221;center&#8221; text_orientation_last_edited=&#8221;on|phone&#8221; locked=&#8221;off&#8221; global_colors_info=&#8221;{}&#8221;]<\/p>\n<p>Pronto para melhorar a sua vida?<\/p>\n<p>[\/et_pb_text][et_pb_text _builder_version=&#8221;4.17.6&#8243; _module_preset=&#8221;default&#8221; text_font=&#8221;Mulish||||||||&#8221; text_text_color=&#8221;#000000&#8243; text_font_size=&#8221;28px&#8221; text_line_height=&#8221;0.9em&#8221; link_font=&#8221;Mulish||||||||&#8221; link_text_color=&#8221;#0C71C3&#8243; text_orientation=&#8221;center&#8221; custom_padding=&#8221;||||false|false&#8221; custom_padding_tablet=&#8221;40%||||false|false&#8221; custom_padding_phone=&#8221;0%||||false|false&#8221; custom_padding_last_edited=&#8221;on|phone&#8221; hover_enabled=&#8221;0&#8243; text_line_height_tablet=&#8221;0.9em&#8221; text_line_height_phone=&#8221;1.2em&#8221; text_line_height_last_edited=&#8221;on|phone&#8221; locked=&#8221;off&#8221; global_colors_info=&#8221;{}&#8221; sticky_enabled=&#8221;0&#8243;]<\/p>\n<p><strong>16, 17 e 18 de Setembro<\/strong><\/p>\n<p><span style=\"text-decoration: underline;\"><a href=\"https:\/\/www.casadevilar.pt\/\" target=\"_blank\" rel=\"noopener\">Semin\u00e1rio de Vilar, no Porto\/Portugal<\/a><\/span><\/p>\n<p>[\/et_pb_text][\/et_pb_column][et_pb_column type=&#8221;1_2&#8243; _builder_version=&#8221;4.17.2&#8243; _module_preset=&#8221;default&#8221; global_colors_info=&#8221;{}&#8221;][et_pb_text _builder_version=&#8221;4.17.6&#8243; _module_preset=&#8221;default&#8221; text_font=&#8221;Mulish||||||||&#8221; text_text_color=&#8221;#0f0f0f&#8221; text_font_size=&#8221;19px&#8221; text_line_height=&#8221;1.5em&#8221; custom_padding=&#8221;||||false|false&#8221; text_orientation_tablet=&#8221;&#8221; text_orientation_phone=&#8221;center&#8221; text_orientation_last_edited=&#8221;on|phone&#8221; locked=&#8221;off&#8221; global_colors_info=&#8221;{}&#8221; custom_padding__hover_enabled=&#8221;off|desktop&#8221; custom_padding__hover=&#8221;|7%|||false|false&#8221;]<\/p>\n<p>Os \u00faltimos anos t\u00eam sido extremamente desgastantes para todos n\u00f3s e, sem se ter dado conta disso.., talvez tenha sofrido danos emocionais devido a situa\u00e7\u00f5es, como a pandemia mundial de Covid-19.<\/p>\n<p>Tudo isto afetou, de alguma forma, a &#8220;nossa energia&#8221;, mas chegou a hora de voltar a encontrar o seu equil\u00edbrio e de resgatar plenamente o seu corpo, mente e alma!<\/p>\n<p>Se, de alguma forma, consegue identificar-se com isso, saiba que esta oportunidade \u00e9 para si!<\/p>\n<p>[\/et_pb_text][\/et_pb_column][\/et_pb_row][\/et_pb_section][et_pb_section fb_built=&#8221;1&#8243; module_id=&#8221;imersao&#8221; _builder_version=&#8221;4.17.6&#8243; _module_preset=&#8221;default&#8221; background_image=&#8221;https:\/\/projetoconexaodevida.com\/wp-content\/uploads\/2022\/04\/bg-8.jpg&#8221; background_size=&#8221;stretch&#8221; global_colors_info=&#8221;{}&#8221;][et_pb_row _builder_version=&#8221;4.17.2&#8243; _module_preset=&#8221;default&#8221; global_colors_info=&#8221;{}&#8221;][et_pb_column type=&#8221;4_4&#8243; _builder_version=&#8221;4.17.2&#8243; _module_preset=&#8221;default&#8221; global_colors_info=&#8221;{}&#8221;][et_pb_text _builder_version=&#8221;4.17.6&#8243; _module_preset=&#8221;default&#8221; text_font=&#8221;Catamaran|600|||||||&#8221; text_text_color=&#8221;#FFFFFF&#8221; text_font_size=&#8221;25px&#8221; text_line_height=&#8221;1.2em&#8221; text_orientation=&#8221;center&#8221; background_layout=&#8221;dark&#8221; custom_padding=&#8221;|9%||9%|false|true&#8221; locked=&#8221;off&#8221; global_colors_info=&#8221;{}&#8221;]<\/p>\n<p>O projeto &#8220;Conex\u00e3o da Vida&#8221; \u00e9 um semin\u00e1rio aberto ao publico, em formato de retiro de 3 dias, para que possa compreender os processos vitais do ser humano e os seus pilares:<\/p>\n<p>[\/et_pb_text][et_pb_text _builder_version=&#8221;4.17.6&#8243; _module_preset=&#8221;default&#8221; text_font=&#8221;Mulish||||||||&#8221; text_text_color=&#8221;#FFFFFF&#8221; text_font_size=&#8221;19px&#8221; text_line_height=&#8221;1.5em&#8221; width=&#8221;85%&#8221; module_alignment=&#8221;center&#8221; custom_padding=&#8221;||||false|false&#8221; text_orientation_tablet=&#8221;&#8221; text_orientation_phone=&#8221;center&#8221; text_orientation_last_edited=&#8221;on|phone&#8221; locked=&#8221;off&#8221; global_colors_info=&#8221;{}&#8221; custom_padding__hover=&#8221;|7%|||false|false&#8221; custom_padding__hover_enabled=&#8221;off|desktop&#8221;]<\/p>\n<p>I &#8211; Conhecimento das estruturas energeticas que regem os nossos corpos e reconhecimento dos padr\u00f5es de desenvolvimento do ser humano.<\/p>\n<p>II &#8211; o desenvolvimento da consci\u00eancia e compreens\u00e3o dos processos evolutivos da mente.<\/p>\n<p>III &#8211; Sana\u00e7\u00e3o e compreens\u00e3o de acontecimentos do nosso passado e reavalia\u00e7\u00e3o da nossa ess\u00eancia na heran\u00e7a gen\u00e9tica.<\/p>\n<p>IV &#8211; libertar sentimentos de frustra\u00e7\u00e3o, com a constru\u00e7\u00e3o de um novo paradigma atrav\u00e9s de um processo de autocura.<\/p>\n<p>V &#8211; projetar o futuro, tendo o presente como base fundamental da constru\u00e7\u00e3o do seu prop\u00f3sito de vida e felicidade.<\/p>\n<p>VI &#8211; &#8220;Sa\u00fade Energ\u00e9tica&#8221;, como uma terapia de movimento, que articula os fluxos de energia do corpo.<\/p>\n<p>[\/et_pb_text][\/et_pb_column][\/et_pb_row][\/et_pb_section][et_pb_section fb_built=&#8221;1&#8243; _builder_version=&#8221;4.17.6&#8243; _module_preset=&#8221;default&#8221; use_background_color_gradient=&#8221;on&#8221; background_color_gradient_stops=&#8221;#000000 0%|#0f40a3 100%&#8221; background_enable_image=&#8221;off&#8221; background_position=&#8221;bottom_right&#8221; locked=&#8221;off&#8221; global_colors_info=&#8221;{}&#8221;][et_pb_row _builder_version=&#8221;4.17.1&#8243; _module_preset=&#8221;default&#8221; global_colors_info=&#8221;{}&#8221;][et_pb_column type=&#8221;4_4&#8243; _builder_version=&#8221;4.17.1&#8243; _module_preset=&#8221;default&#8221; global_colors_info=&#8221;{}&#8221;][et_pb_text _builder_version=&#8221;4.17.6&#8243; _module_preset=&#8221;default&#8221; text_font=&#8221;Mulish||||||||&#8221; text_text_color=&#8221;#FFFFFF&#8221; text_font_size=&#8221;19px&#8221; text_line_height=&#8221;1.5em&#8221; text_orientation=&#8221;center&#8221; custom_padding=&#8221;|15%||15%|false|true&#8221; custom_padding_tablet=&#8221;|15%||15%|false|true&#8221; custom_padding_phone=&#8221;|0%||0%|false|true&#8221; custom_padding_last_edited=&#8221;on|phone&#8221; global_colors_info=&#8221;{}&#8221;]<\/p>\n<p>Aproveite a oportunidade \u00fanica de aprender como &#8220;a corrente electrica do corpo&#8221; interfere na nossa sa\u00fade e como podemos regular o corpo com exerc\u00edcios pr\u00e1ticos, com especialistas m\u00e9dicos neste tema!<\/p>\n<p>O Curso\/ Retiro \u201cConex\u00e3o de Vida\u201d foi organizado e concebido com o prop\u00f3sito de fazer com que tenha mais liberdade de escolha, bem-estar clareza e harmonia, de forma a que consiga (re)-encontrar o seu prop\u00f3sito de vida!<br \/>Neste retiro s\u00e3o ensinadas as ferramentas necess\u00e1rias para que consiga ultrapassar traumas ou bloqueios que o esteja a condicionar, de forma a aproveitar os bons momentos que &#8220;o Universo conspirar\u00e1 a seu favor&#8221;!<\/p>\n<p>Este curso decorre em tr\u00eas dias, nos quais entramos em estado de equil\u00edbrio, facilitando a coer\u00eancia card\u00edaca e estado alfa de relaxamento cerebral, de forma a que consiga tornar-se numa pessoa fisicamente saudavel, financeiramente pr\u00f3spera e mais alegre, para alcan\u00e7ar todo o seu potencial!<\/p>\n<p>Este retiro \u00e9 feito especialmente para todas as pessoas que querem seguir um estilo de vida integrativo. S\u00e3o tr\u00eas dias de aprendizagem com alimenta\u00e7\u00e3o equilibrada e hidrata\u00e7\u00e3o abundante, ou seja, todos os ingredientes necess\u00e1rios para quem quer autoconhecer-se, desbloquear dificuldades e prevenir doen\u00e7as!<\/p>\n<p>[\/et_pb_text][\/et_pb_column][\/et_pb_row][\/et_pb_section][et_pb_section fb_built=&#8221;1&#8243; disabled_on=&#8221;off|off|off&#8221; module_id=&#8221;investimento&#8221; _builder_version=&#8221;4.17.6&#8243; _module_preset=&#8221;default&#8221; background_color=&#8221;#fcbd20&#8243; locked=&#8221;off&#8221; global_colors_info=&#8221;{}&#8221;][et_pb_row _builder_version=&#8221;4.17.1&#8243; _module_preset=&#8221;default&#8221; global_colors_info=&#8221;{}&#8221;][et_pb_column type=&#8221;4_4&#8243; _builder_version=&#8221;4.17.1&#8243; _module_preset=&#8221;default&#8221; global_colors_info=&#8221;{}&#8221;][et_pb_text _builder_version=&#8221;4.17.6&#8243; _module_preset=&#8221;default&#8221; text_font=&#8221;Catamaran|700|||||||&#8221; text_text_color=&#8221;#212529&#8243; text_font_size=&#8221;45px&#8221; text_line_height=&#8221;1.2em&#8221; text_orientation=&#8221;center&#8221; background_layout=&#8221;dark&#8221; custom_padding=&#8221;|9%||9%|false|true&#8221; text_font_size_tablet=&#8221;45px&#8221; text_font_size_phone=&#8221;35px&#8221; text_font_size_last_edited=&#8221;on|phone&#8221; locked=&#8221;off&#8221; global_colors_info=&#8221;{}&#8221;]<\/p>\n<p>Pronto para embarcar neste experi\u00eancia?<\/p>\n<p>[\/et_pb_text][\/et_pb_column][\/et_pb_row][et_pb_row _builder_version=&#8221;4.17.1&#8243; _module_preset=&#8221;default&#8221; global_colors_info=&#8221;{}&#8221;][et_pb_column type=&#8221;4_4&#8243; _builder_version=&#8221;4.17.1&#8243; _module_preset=&#8221;default&#8221; global_colors_info=&#8221;{}&#8221;][et_pb_text _builder_version=&#8221;4.17.6&#8243; _module_preset=&#8221;default&#8221; text_font=&#8221;Catamaran|700|||||||&#8221; text_text_color=&#8221;#212529&#8243; text_font_size=&#8221;34px&#8221; text_line_height=&#8221;1.2em&#8221; link_font=&#8221;Mulish||||||||&#8221; link_text_color=&#8221;#0C71C3&#8243; text_orientation=&#8221;center&#8221; background_layout=&#8221;dark&#8221; custom_padding=&#8221;|9%||9%|false|true&#8221; text_font_size_tablet=&#8221;34px&#8221; text_font_size_phone=&#8221;28px&#8221; text_font_size_last_edited=&#8221;on|phone&#8221; locked=&#8221;off&#8221; global_colors_info=&#8221;{}&#8221;]<\/p>\n<p>Fa\u00e7a j\u00e1 a sua inscri\u00e7\u00e3o em <span style=\"text-decoration: underline;\"><a href=\"https:\/\/forms.gle\/jfxpFFaLMoJWVwaj6\" target=\"_blank\" rel=\"noopener\">https:\/\/forms.gle\/jfxpFFaLMoJWVwaj6<\/a><\/span><\/p>\n<p>[\/et_pb_text][\/et_pb_column][\/et_pb_row][\/et_pb_section][et_pb_section fb_built=&#8221;1&#8243; module_id=&#8221;instrutor&#8221; _builder_version=&#8221;4.17.6&#8243; _module_preset=&#8221;default&#8221; background_color=&#8221;#0f40a3&#8243; locked=&#8221;off&#8221; global_colors_info=&#8221;{}&#8221;][et_pb_row _builder_version=&#8221;4.17.1&#8243; _module_preset=&#8221;default&#8221; global_colors_info=&#8221;{}&#8221;][et_pb_column type=&#8221;4_4&#8243; _builder_version=&#8221;4.17.1&#8243; _module_preset=&#8221;default&#8221; global_colors_info=&#8221;{}&#8221;][et_pb_text _builder_version=&#8221;4.17.6&#8243; _module_preset=&#8221;default&#8221; text_font=&#8221;Catamaran|700|||||||&#8221; text_text_color=&#8221;#FFFFFF&#8221; text_font_size=&#8221;45px&#8221; text_line_height=&#8221;1.2em&#8221; text_orientation=&#8221;center&#8221; background_layout=&#8221;dark&#8221; custom_padding=&#8221;|9%||9%|false|true&#8221; text_font_size_tablet=&#8221;45px&#8221; text_font_size_phone=&#8221;41px&#8221; text_font_size_last_edited=&#8221;on|phone&#8221; locked=&#8221;off&#8221; global_colors_info=&#8221;{}&#8221;]<\/p>\n<p>Quem ser\u00e1 seu instrutor?<\/p>\n<p>[\/et_pb_text][\/et_pb_column][\/et_pb_row][et_pb_row _builder_version=&#8221;4.17.1&#8243; _module_preset=&#8221;default&#8221; global_colors_info=&#8221;{}&#8221;][et_pb_column type=&#8221;4_4&#8243; _builder_version=&#8221;4.17.1&#8243; _module_preset=&#8221;default&#8221; global_colors_info=&#8221;{}&#8221;][et_pb_text _builder_version=&#8221;4.17.1&#8243; _module_preset=&#8221;default&#8221; text_font=&#8221;Mulish||||||||&#8221; text_text_color=&#8221;#FFFFFF&#8221; text_font_size=&#8221;20px&#8221; global_colors_info=&#8221;{}&#8221;]<\/p>\n<p>Dr. Gonzalo Hern\u00e1n Andina Fernandez, M\u00e9dico Neural Terapeuta.<\/p>\n<p>\u00c9 um dos maiores especialistas mundiais quando se fala em medicina energ\u00e9tica.<\/p>\n<p>[\/et_pb_text][\/et_pb_column][\/et_pb_row][et_pb_row column_structure=&#8221;1_3,2_3&#8243; _builder_version=&#8221;4.17.1&#8243; _module_preset=&#8221;default&#8221; global_colors_info=&#8221;{}&#8221;][et_pb_column type=&#8221;1_3&#8243; _builder_version=&#8221;4.17.1&#8243; _module_preset=&#8221;default&#8221; global_colors_info=&#8221;{}&#8221;][et_pb_text _builder_version=&#8221;4.17.1&#8243; _module_preset=&#8221;default&#8221; text_font=&#8221;Mulish||||||||&#8221; text_text_color=&#8221;#FFFFFF&#8221; text_font_size=&#8221;28px&#8221; custom_padding=&#8221;70%||||false|false&#8221; custom_padding_tablet=&#8221;70%||||false|false&#8221; custom_padding_phone=&#8221;0%||||false|false&#8221; custom_padding_last_edited=&#8221;on|phone&#8221; locked=&#8221;off&#8221; global_colors_info=&#8221;{}&#8221;]<\/p>\n<p>Conhe\u00e7a mais sobre ele:<\/p>\n<p>[\/et_pb_text][\/et_pb_column][et_pb_column type=&#8221;2_3&#8243; _builder_version=&#8221;4.17.1&#8243; _module_preset=&#8221;default&#8221; global_colors_info=&#8221;{}&#8221;][et_pb_text _builder_version=&#8221;4.17.1&#8243; _module_preset=&#8221;default&#8221; text_font=&#8221;Mulish||||||||&#8221; text_text_color=&#8221;#FFFFFF&#8221; text_font_size=&#8221;19px&#8221; text_line_height=&#8221;1.5em&#8221; locked=&#8221;off&#8221; global_colors_info=&#8221;{}&#8221;]<\/p>\n<p>M\u00e9dico formado pela Universidade Nacional de Tucum\u00e1n (Argentina), pediatra, cirurgi\u00e3o infantil emergencialista;<\/p>\n<p>Palestrante Internacional em terapia neural com inovadora forma\u00e7\u00e3o de profissionais de sa\u00fade incorporando diferentes t\u00e9cnicas de interpreta\u00e7\u00e3o e tratamento de pacientes com medicina energ\u00e9tica, biodecodifica\u00e7\u00e3o, terapia neural suplementa\u00e7\u00e3o;<\/p>\n<p>Especializa\u00e7\u00e3o na Universidade de Buenos Aires, cirurgia de alto risco, cirurgia neonatal, urologia queimaduras da Universidade de Montpellier (Fran\u00e7a) e de Tours (Fran\u00e7a);<\/p>\n<p>Terapeuta M\u00e9dico Neural;<\/p>\n<p>Fundador do servi\u00e7o p\u00fablico de terapia neural no hospital na prov\u00edncia de Buenos Aires;<\/p>\n<p>S\u00f3cio fundador da Academia M\u00e9dica de Terapia Neural. Brasil, 2020;<\/p>\n<p>Instrutor de t\u00e9cnicas de autocura, relaxamento e medicina energ\u00e9tica;<\/p>\n<p>Fundador do PROJETO CONEX\u00c3O DE VIDA.<\/p>\n<p>[\/et_pb_text][\/et_pb_column][\/et_pb_row][et_pb_row column_structure=&#8221;1_4,1_4,1_4,1_4&#8243; _builder_version=&#8221;4.17.1&#8243; _module_preset=&#8221;default&#8221; background_enable_color=&#8221;off&#8221; width=&#8221;100%&#8221; max_width=&#8221;100%&#8221; custom_margin=&#8221;0px||||false|false&#8221; custom_padding=&#8221;|10%||10%|false|true&#8221; locked=&#8221;off&#8221; global_colors_info=&#8221;{}&#8221;][et_pb_column type=&#8221;1_4&#8243; _builder_version=&#8221;4.17.1&#8243; _module_preset=&#8221;default&#8221; global_colors_info=&#8221;{}&#8221;][et_pb_image src=&#8221;https:\/\/projetoconexaodevida.com\/wp-content\/uploads\/2022\/04\/Dr.-Gonzalo-1.jpg&#8221; title_text=&#8221;Dr. Gonzalo-1&#8243; _builder_version=&#8221;4.17.1&#8243; _module_preset=&#8221;default&#8221; global_colors_info=&#8221;{}&#8221;][\/et_pb_image][\/et_pb_column][et_pb_column type=&#8221;1_4&#8243; _builder_version=&#8221;4.17.1&#8243; _module_preset=&#8221;default&#8221; global_colors_info=&#8221;{}&#8221;][et_pb_image src=&#8221;https:\/\/projetoconexaodevida.com\/wp-content\/uploads\/2022\/04\/Dr.-Gonzalo-4.jpg&#8221; title_text=&#8221;Dr. Gonzalo-4&#8243; _builder_version=&#8221;4.17.1&#8243; _module_preset=&#8221;default&#8221; global_colors_info=&#8221;{}&#8221;][\/et_pb_image][\/et_pb_column][et_pb_column type=&#8221;1_4&#8243; _builder_version=&#8221;4.17.1&#8243; _module_preset=&#8221;default&#8221; global_colors_info=&#8221;{}&#8221;][et_pb_image src=&#8221;https:\/\/projetoconexaodevida.com\/wp-content\/uploads\/2022\/04\/Dr.-Gonzalo-3.jpg&#8221; title_text=&#8221;Dr. Gonzalo-3&#8243; _builder_version=&#8221;4.17.1&#8243; _module_preset=&#8221;default&#8221; global_colors_info=&#8221;{}&#8221;][\/et_pb_image][\/et_pb_column][et_pb_column type=&#8221;1_4&#8243; _builder_version=&#8221;4.17.1&#8243; _module_preset=&#8221;default&#8221; global_colors_info=&#8221;{}&#8221;][et_pb_image src=&#8221;https:\/\/projetoconexaodevida.com\/wp-content\/uploads\/2022\/04\/Dr.-Gonzalo-2.jpg&#8221; title_text=&#8221;Dr. Gonzalo-2&#8243; _builder_version=&#8221;4.17.1&#8243; _module_preset=&#8221;default&#8221; locked=&#8221;off&#8221; global_colors_info=&#8221;{}&#8221;][\/et_pb_image][\/et_pb_column][\/et_pb_row][\/et_pb_section][et_pb_section fb_built=&#8221;1&#8243; _builder_version=&#8221;4.17.1&#8243; _module_preset=&#8221;default&#8221; background_color=&#8221;#000000&#8243; custom_padding=&#8221;0px||0px||true|false&#8221; locked=&#8221;off&#8221; global_colors_info=&#8221;{}&#8221;][et_pb_row _builder_version=&#8221;4.17.1&#8243; _module_preset=&#8221;default&#8221; global_colors_info=&#8221;{}&#8221;][et_pb_column type=&#8221;4_4&#8243; _builder_version=&#8221;4.17.1&#8243; _module_preset=&#8221;default&#8221; global_colors_info=&#8221;{}&#8221;][et_pb_text _builder_version=&#8221;4.17.1&#8243; _module_preset=&#8221;default&#8221; text_font=&#8221;Mulish||||||||&#8221; text_text_color=&#8221;#FFFFFF&#8221; text_orientation=&#8221;center&#8221; global_colors_info=&#8221;{}&#8221;]<\/p>\n<p>\u00a9 Projeto Conex\u00e3o de Vida 2022. <br \/>Todos os direitos reservados.<\/p>\n<p>[\/et_pb_text][\/et_pb_column][\/et_pb_row][\/et_pb_section]<\/p>\n","protected":false},"excerpt":{"rendered":"<p>Pronto para melhorar a sua vida?16, 17 e 18 de Setembro Semin\u00e1rio de Vilar, no Porto\/PortugalOs \u00faltimos anos t\u00eam sido extremamente desgastantes para todos n\u00f3s e, sem se ter dado conta disso.., talvez tenha sofrido danos emocionais devido a situa\u00e7\u00f5es, como a pandemia mundial de Covid-19. Tudo isto afetou, de alguma forma, a &#8220;nossa energia&#8221;, [&hellip;]<\/p>\n","protected":false},"author":1,"featured_media":0,"parent":0,"menu_order":0,"comment_status":"closed","ping_status":"closed","template":"page-template-blank.php","meta":{"_et_pb_use_builder":"on","_et_pb_old_content":"","_et_gb_content_width":"","footnotes":""},"class_list":["post-65","page","type-page","status-publish","hentry"],"_links":{"self":[{"href":"https:\/\/projetoconexaodevida.com\/index.php\/wp-json\/wp\/v2\/pages\/65","targetHints":{"allow":["GET"]}}],"collection":[{"href":"https:\/\/projetoconexaodevida.com\/index.php\/wp-json\/wp\/v2\/pages"}],"about":[{"href":"https:\/\/projetoconexaodevida.com\/index.php\/wp-json\/wp\/v2\/types\/page"}],"author":[{"embeddable":true,"href":"https:\/\/projetoconexaodevida.com\/index.php\/wp-json\/wp\/v2\/users\/1"}],"replies":[{"embeddable":true,"href":"https:\/\/projetoconexaodevida.com\/index.php\/wp-json\/wp\/v2\/comments?post=65"}],"version-history":[{"count":10,"href":"https:\/\/projetoconexaodevida.com\/index.php\/wp-json\/wp\/v2\/pages\/65\/revisions"}],"predecessor-version":[{"id":122,"href":"https:\/\/projetoconexaodevida.com\/index.php\/wp-json\/wp\/v2\/pages\/65\/revisions\/122"}],"wp:attachment":[{"href":"https:\/\/projetoconexaodevida.com\/index.php\/wp-json\/wp\/v2\/media?parent=65"}],"curies":[{"name":"wp","href":"https:\/\/api.w.org\/{rel}","templated":true}]}}